{"version":"1.0","provider_name":"Jaj, de cuki","provider_url":"https:\/\/jajdecuki.cafeblog.hu","author_name":"Cafeblog","author_url":"https:\/\/jajdecuki.cafeblog.hu\/author\/admin-2\/","title":"B\u00f6bike m\u00e1r menek\u00fclne","html":"Vagy csak \u00e1tn\u00e9zett, mi van a t\u00faloldalon? Neh\u00e9z lehet h\u00e1rom gyerekkel, annyi biztos.\r\n\r\n<a href=\"https:\/\/jajdecuki.cafeblog.hu\/files\/2012\/11\/bobike.jpg\"><img class=\"aligncenter size-full wp-image-154\" title=\"bobike\" src=\"https:\/\/jajdecuki.cafeblog.hu\/files\/2012\/11\/bobike.jpg\" alt=\"\" width=\"560\" height=\"420\" \/><\/a>\r\n\r\nK\u00fcldj nek\u00fcnk te is cukit a jajdecuki@cafeblog.hu e-mail c\u00edmre. V\u00e1rjuk!","type":"rich"}